{"id":2412,"date":"2026-04-20T13:49:06","date_gmt":"2026-04-20T11:49:06","guid":{"rendered":"https:\/\/www.josepbou.com\/?page_id=2412"},"modified":"2026-04-21T10:10:28","modified_gmt":"2026-04-21T08:10:28","slug":"llibre-24-josep-bou-moda-i-publicitat-1980-2005","status":"publish","type":"page","link":"https:\/\/www.josepbou.com\/?page_id=2412","title":{"rendered":"LLIBRE 24. JOSEP BOU. Moda i publicitat 1980-2005"},"content":{"rendered":"<div class=\"wpb-content-wrapper\">[vc_row][vc_column][vc_single_image image=\u00bb2425&#8243; alignment=\u00bbcenter\u00bb onclick=\u00bbcustom_link\u00bb img_link_target=\u00bb_blank\u00bb link=\u00bbhttps:\/\/www.calameo.com\/read\/005898373a273099d38a0&#8243;][\/vc_column][\/vc_row][vc_row][vc_column][vc_column_text]A finals dels anys setanta, la Teresa i jo decid\u00edrem iniciar un projecte de vida junts en el qual la fotografia estaria al centre, sempre i quan ens complagu\u00e9s plenament. Vam tenir la llibertat de prendre decisions i de fixar-nos objectius. Les nostres capacitats es complementaven a la perfecci\u00f3 tot duplicant la seva efectivitat i aix\u00f2 ens ha portat a assolir objectius impensables en el moment que comen\u00e7\u00e0rem a rec\u00f3rrer aquest cam\u00ed. L\u2019experi\u00e8ncia va ensenyar-nos que en aquest m\u00f3n de la moda i la publicitat, cruel i despietat com pocs, cal saber quan has que desapar\u00e8ixer i aix\u00ed ho vam fer. Ni un segon abans ni un segon despr\u00e9s: <em>on time<\/em>.<\/p>\n<p>Una bona part de la nostra vida vam viure-la al centre, per\u00f2 hi ha moments en els quals vam fluctuar cap els extrems tot recorrent aquest espectre de matisos i colors ben diferenciats en funci\u00f3 de l\u2019estat d\u2019\u00e0nim, de l\u2019edat i les circumst\u00e0ncies. Aprengu\u00e9rem molt\u00edssimes coses tot allunyant-nos del cam\u00ed principal i endinsant-nos al bosc, ja que la curiositat, amb freq\u00fc\u00e8ncia, condueix a territoris inexplorats i aquests desenvolupen un paper ampli en la construcci\u00f3 de la nostra hist\u00f2ria, tal i com ho faria l\u2019inconscient.<\/p>\n<p>\u00c9s ben cert que amb la moda i la publicitat m\u2019he guanyat la vida i fer-ho ha estat un immens plaer. Despr\u00e9s, existeix el plaer m\u00e9s profund de fer el meus projectes personals. Com tamb\u00e9 \u00e9s ben cert que res hauria estat possible sense la Teresa.<\/p>\n<p>Resum del text de presentaci\u00f3 \u201cJOSEP BOU. Moda i publicitat 1980-2005\u201d de Josep Bou, editat el 2026.[\/vc_column_text][\/vc_column][\/vc_row]\n<\/div>","protected":false},"excerpt":{"rendered":"<p>[vc_row][vc_column][vc_single_image image=\u00bb2425&#8243; alignment=\u00bbcenter\u00bb onclick=\u00bbcustom_link\u00bb img_link_target=\u00bb_blank\u00bb link=\u00bbhttps:\/\/www.calameo.com\/read\/005898373a273099d38a0&#8243;][\/vc_column][\/vc_row][vc_row][vc_column][vc_column_text]A finals dels anys setanta, la Teresa i jo decid\u00edrem iniciar un projecte de vida junts en el qual la fotografia estaria al centre, sempre i quan ens complagu\u00e9s plenament. Vam tenir la llibertat de prendre decisions i de fixar-nos objectius. Les nostres capacitats es complementaven a la perfecci\u00f3 tot&hellip;<\/p>\n","protected":false},"author":1,"featured_media":0,"parent":0,"menu_order":0,"comment_status":"closed","ping_status":"closed","template":"","meta":{"footnotes":""},"class_list":["post-2412","page","type-page","status-publish","hentry","entry","no-media"],"_links":{"self":[{"href":"https:\/\/www.josepbou.com\/index.php?rest_route=\/wp\/v2\/pages\/2412","targetHints":{"allow":["GET"]}}],"collection":[{"href":"https:\/\/www.josepbou.com\/index.php?rest_route=\/wp\/v2\/pages"}],"about":[{"href":"https:\/\/www.josepbou.com\/index.php?rest_route=\/wp\/v2\/types\/page"}],"author":[{"embeddable":true,"href":"https:\/\/www.josepbou.com\/index.php?rest_route=\/wp\/v2\/users\/1"}],"replies":[{"embeddable":true,"href":"https:\/\/www.josepbou.com\/index.php?rest_route=%2Fwp%2Fv2%2Fcomments&post=2412"}],"version-history":[{"count":6,"href":"https:\/\/www.josepbou.com\/index.php?rest_route=\/wp\/v2\/pages\/2412\/revisions"}],"predecessor-version":[{"id":2429,"href":"https:\/\/www.josepbou.com\/index.php?rest_route=\/wp\/v2\/pages\/2412\/revisions\/2429"}],"wp:attachment":[{"href":"https:\/\/www.josepbou.com\/index.php?rest_route=%2Fwp%2Fv2%2Fmedia&parent=2412"}],"curies":[{"name":"wp","href":"https:\/\/api.w.org\/{rel}","templated":true}]}}